{"id":334,"date":"2015-04-28T11:05:59","date_gmt":"2015-04-28T11:05:59","guid":{"rendered":"http:\/\/39"},"modified":"2025-02-05T14:39:48","modified_gmt":"2025-02-05T13:39:48","slug":"heizmobel","status":"publish","type":"produit","link":"https:\/\/www.tournus.com\/de\/unsere-produkte\/heizmobel\/","title":{"rendered":"Heizm\u00f6bel"},"content":{"rendered":"\t\t<div data-elementor-type=\"wp-post\" data-elementor-id=\"334\" class=\"elementor elementor-334\" data-elementor-post-type=\"produit\">\n\t\t\t\t\t\t<section class=\"elementor-section elementor-top-section elementor-element elementor-element-6f406e2c elementor-section-boxed elementor-section-height-default elementor-section-height-default\" data-id=\"6f406e2c\" data-element_type=\"section\" data-e-type=\"section\">\n\t\t\t\t\t\t<div class=\"elementor-container elementor-column-gap-default\">\n\t\t\t\t\t<div class=\"elementor-column elementor-col-100 elementor-top-column elementor-element elementor-element-6652e99b\" data-id=\"6652e99b\" data-element_type=\"column\" data-e-type=\"column\">\n\t\t\t<div class=\"elementor-widget-wrap elementor-element-populated\">\n\t\t\t\t\t\t<div class=\"elementor-element elementor-element-5d72fc55 elementor-widget elementor-widget-text-editor\" data-id=\"5d72fc55\" data-element_type=\"widget\" data-e-type=\"widget\" data-widget_type=\"text-editor.default\">\n\t\t\t\t<div class=\"elementor-widget-container\">\n\t\t\t\t\t\t\t\t\t<p>Das Heizsystem der M\u00f6bel von Tournus Equipement ist darauf ausgelegt, eine gleichm\u00e4\u00dfige Temperaturverteilung im Inneren der M\u00f6bel zu gew\u00e4hrleisten und die Produkttemperatur f\u00fcr mehr als zwei Stunden bei \u00fcber 63\u00b0C im Kern zu halten.<\/p>\t\t\t\t\t\t\t\t<\/div>\n\t\t\t\t<\/div>\n\t\t\t\t\t<\/div>\n\t\t<\/div>\n\t\t\t\t\t<\/div>\n\t\t<\/section>\n\t\t\t\t<section class=\"elementor-section elementor-top-section elementor-element elementor-element-40c0f4e5 elementor-section-boxed elementor-section-height-default elementor-section-height-default\" data-id=\"40c0f4e5\" data-element_type=\"section\" data-e-type=\"section\">\n\t\t\t\t\t\t<div class=\"elementor-container elementor-column-gap-default\">\n\t\t\t\t\t<div class=\"elementor-column elementor-col-50 elementor-top-column elementor-element elementor-element-76a7061d\" data-id=\"76a7061d\" data-element_type=\"column\" data-e-type=\"column\">\n\t\t\t<div class=\"elementor-widget-wrap elementor-element-populated\">\n\t\t\t\t\t\t<div class=\"elementor-element elementor-element-c51b124 elementor-widget elementor-widget-text-editor\" data-id=\"c51b124\" data-element_type=\"widget\" data-e-type=\"widget\" data-widget_type=\"text-editor.default\">\n\t\t\t\t<div class=\"elementor-widget-container\">\n\t\t\t\t\t\t\t\t\t<p><strong>Nur Standardm\u00f6bel<\/strong>. M\u00f6bel mit bel\u00fcftetem Innenraum. Edelstahlkonstruktion. H\u00f6henverstellbar von 900 bis 950 mm. <strong>Doppelte Seitenw\u00e4nde<\/strong>. Untergestell mit 60 mm Durchmesser und Stellf\u00fc\u00dfen. Doppelte Schiebet\u00fcren. Ein h\u00f6henverstellbares Regal.<\/p><p><strong>Das Heizsystem sorgt f\u00fcr eine gleichm\u00e4\u00dfige Temperaturverteilung im Inneren der M\u00f6bel und h\u00e4lt die Produkttemperatur f\u00fcr mehr als zwei Stunden bei \u00fcber 63\u00b0C im Kern.<\/strong><\/p><p>Elektrischer Anschluss \u00fcber Klemmen im Technikfach (Kabel nicht mitgeliefert).<\/p><p>Die Heizm\u00f6bel k\u00f6nnen mit neutralen oder beheizten Regalen mit einer Tiefe von 320 mm, in 1 Ebene (H\u00f6he 360 mm) oder 2 Ebenen (H\u00f6he 630 mm) erg\u00e4nzt werden. Diese Regale erfordern eine vorherige Anpassung am M\u00f6belst\u00fcck und m\u00fcssen daher gleichzeitig bestellt werden.<\/p><p>Optionen:<\/p><ul><li>R\u00fcckseitiger Aufsatz<\/li><li>Abschlie\u00dfbar<\/li><li>4 Rollen<\/li><\/ul>\t\t\t\t\t\t\t\t<\/div>\n\t\t\t\t<\/div>\n\t\t\t\t\t<\/div>\n\t\t<\/div>\n\t\t\t\t<div class=\"elementor-column elementor-col-50 elementor-top-column elementor-element elementor-element-52747b8b\" data-id=\"52747b8b\" data-element_type=\"column\" data-e-type=\"column\">\n\t\t\t<div class=\"elementor-widget-wrap elementor-element-populated\">\n\t\t\t\t\t\t<div class=\"elementor-element elementor-element-8b9d7b6 elementor-widget elementor-widget-image\" data-id=\"8b9d7b6\" data-element_type=\"widget\" data-e-type=\"widget\" data-widget_type=\"image.default\">\n\t\t\t\t<div class=\"elementor-widget-container\">\n\t\t\t\t\t\t\t\t\t\t\t\t<figure class=\"wp-caption\">\n\t\t\t\t\t\t\t\t\t\t\t<a href=\"https:\/\/www.tournus.com\/wp-content\/uploads\/2015\/01\/meuble-chauffant-avec-interieur-chauffant-504656-tournus.jpg\" data-elementor-open-lightbox=\"yes\" data-elementor-lightbox-title=\"meuble-chauffant-avec-interieur-chauffant-504656-tournus\" data-e-action-hash=\"#elementor-action%3Aaction%3Dlightbox%26settings%3DeyJpZCI6IjIxNTkiLCJ1cmwiOiJodHRwczpcL1wvd3d3LnRvdXJudXMuY29tXC9kZVwvd3AtY29udGVudFwvdXBsb2Fkc1wvc2l0ZXNcLzRcLzIwMTVcLzAxXC9tZXVibGUtY2hhdWZmYW50LWF2ZWMtaW50ZXJpZXVyLWNoYXVmZmFudC01MDQ2NTYtdG91cm51cy5qcGcifQ%3D%3D\">\n\t\t\t\t\t\t\t<img fetchpriority=\"high\" decoding=\"async\" width=\"300\" height=\"300\" src=\"https:\/\/www.tournus.com\/de\/wp-content\/uploads\/sites\/4\/2015\/01\/meuble-chauffant-avec-interieur-chauffant-504656-tournus-300x300.jpg\" class=\"attachment-medium size-medium wp-image-2159\" alt=\"meuble chauffant avec int\u00e9rieur chauffant\" srcset=\"https:\/\/www.tournus.com\/de\/wp-content\/uploads\/sites\/4\/2015\/01\/meuble-chauffant-avec-interieur-chauffant-504656-tournus-300x300.jpg 300w, https:\/\/www.tournus.com\/de\/wp-content\/uploads\/sites\/4\/2015\/01\/meuble-chauffant-avec-interieur-chauffant-504656-tournus-150x150.jpg 150w, https:\/\/www.tournus.com\/de\/wp-content\/uploads\/sites\/4\/2015\/01\/meuble-chauffant-avec-interieur-chauffant-504656-tournus.jpg 600w\" sizes=\"(max-width: 300px) 100vw, 300px\" \/>\t\t\t\t\t\t\t\t<\/a>\n\t\t\t\t\t\t\t\t\t\t\t<figcaption class=\"widget-image-caption wp-caption-text\">Beheiztes M\u00f6belst\u00fcck mit beheiztem Innenraum<\/figcaption>\n\t\t\t\t\t\t\t\t\t\t<\/figure>\n\t\t\t\t\t\t\t\t\t<\/div>\n\t\t\t\t<\/div>\n\t\t\t\t\t<\/div>\n\t\t<\/div>\n\t\t\t\t\t<\/div>\n\t\t<\/section>\n\t\t\t\t<\/div>\n\t\t","protected":false},"excerpt":{"rendered":"<p>Das Heizsystem der M\u00f6bel von Tournus Equipement ist darauf ausgelegt, eine gleichm\u00e4\u00dfige Temperaturverteilung im Inneren der M\u00f6bel zu gew\u00e4hrleisten und die Produkttemperatur f\u00fcr mehr als zwei Stunden bei \u00fcber 63\u00b0C im Kern zu halten. Nur Standardm\u00f6bel. M\u00f6bel mit bel\u00fcftetem Innenraum. Edelstahlkonstruktion. H\u00f6henverstellbar von 900 bis 950 mm. Doppelte Seitenw\u00e4nde. <\/p>\n","protected":false},"author":1,"featured_media":3806,"comment_status":"closed","ping_status":"closed","template":"","meta":{"footnotes":""},"categories_produits":[10],"class_list":["post-334","produit","type-produit","status-publish","has-post-thumbnail","hentry","categories_produits-edelstahlmobel"],"yoast_head":"<!-- This site is optimized with the Yoast SEO plugin v27.5 - https:\/\/yoast.com\/product\/yoast-seo-wordpress\/ -->\n<title>Heizm\u00f6bel | Tournus Equipement DE<\/title>\n<meta name=\"description\" content=\"Entdecken Sie unsere gesamte Kollektion an beheizten M\u00f6beln auf der Website von Tournus \u00c9quipement, dem Experten f\u00fcr Edelstahlm\u00f6bel in Frankreich\" \/>\n<meta name=\"robots\" content=\"index, follow, max-snippet:-1, max-image-preview:large, max-video-preview:-1\" \/>\n<link rel=\"canonical\" href=\"https:\/\/www.tournus.com\/de\/unsere-produkte\/heizmobel\/\" \/>\n<meta property=\"og:locale\" content=\"fr_FR\" \/>\n<meta property=\"og:type\" content=\"article\" \/>\n<meta property=\"og:title\" content=\"Heizm\u00f6bel | Tournus Equipement DE\" \/>\n<meta property=\"og:description\" content=\"Entdecken Sie unsere gesamte Kollektion an beheizten M\u00f6beln auf der Website von Tournus \u00c9quipement, dem Experten f\u00fcr Edelstahlm\u00f6bel in Frankreich\" \/>\n<meta property=\"og:url\" content=\"https:\/\/www.tournus.com\/de\/unsere-produkte\/heizmobel\/\" \/>\n<meta property=\"og:site_name\" content=\"Tournus Equipement DE\" \/>\n<meta property=\"article:publisher\" content=\"https:\/\/www.facebook.com\/tournusfr\" \/>\n<meta property=\"article:modified_time\" content=\"2025-02-05T13:39:48+00:00\" \/>\n<meta property=\"og:image\" content=\"https:\/\/www.tournus.com\/de\/wp-content\/uploads\/sites\/4\/2015\/01\/vignette-meuble-chauffant-avec-interieur-chauffant-504656-tournus-300x300-1.jpg\" \/>\n\t<meta property=\"og:image:width\" content=\"300\" \/>\n\t<meta property=\"og:image:height\" content=\"300\" \/>\n\t<meta property=\"og:image:type\" content=\"image\/jpeg\" \/>\n<meta name=\"twitter:card\" content=\"summary_large_image\" \/>\n<meta name=\"twitter:label1\" content=\"Dur\u00e9e de lecture estim\u00e9e\" \/>\n\t<meta name=\"twitter:data1\" content=\"2 minutes\" \/>\n<script type=\"application\/ld+json\" class=\"yoast-schema-graph\">{\"@context\":\"https:\\\/\\\/schema.org\",\"@graph\":[{\"@type\":\"WebPage\",\"@id\":\"https:\\\/\\\/www.tournus.com\\\/de\\\/unsere-produkte\\\/heizmobel\\\/\",\"url\":\"https:\\\/\\\/www.tournus.com\\\/de\\\/unsere-produkte\\\/heizmobel\\\/\",\"name\":\"Heizm\u00f6bel | Tournus Equipement DE\",\"isPartOf\":{\"@id\":\"https:\\\/\\\/www.tournus.com\\\/de\\\/#website\"},\"primaryImageOfPage\":{\"@id\":\"https:\\\/\\\/www.tournus.com\\\/de\\\/unsere-produkte\\\/heizmobel\\\/#primaryimage\"},\"image\":{\"@id\":\"https:\\\/\\\/www.tournus.com\\\/de\\\/unsere-produkte\\\/heizmobel\\\/#primaryimage\"},\"thumbnailUrl\":\"https:\\\/\\\/www.tournus.com\\\/de\\\/wp-content\\\/uploads\\\/sites\\\/4\\\/2015\\\/01\\\/vignette-meuble-chauffant-avec-interieur-chauffant-504656-tournus-300x300-1.jpg\",\"datePublished\":\"2015-04-28T11:05:59+00:00\",\"dateModified\":\"2025-02-05T13:39:48+00:00\",\"description\":\"Entdecken Sie unsere gesamte Kollektion an beheizten M\u00f6beln auf der Website von Tournus \u00c9quipement, dem Experten f\u00fcr Edelstahlm\u00f6bel in Frankreich\",\"breadcrumb\":{\"@id\":\"https:\\\/\\\/www.tournus.com\\\/de\\\/unsere-produkte\\\/heizmobel\\\/#breadcrumb\"},\"inLanguage\":\"fr-FR\",\"potentialAction\":[{\"@type\":\"ReadAction\",\"target\":[\"https:\\\/\\\/www.tournus.com\\\/de\\\/unsere-produkte\\\/heizmobel\\\/\"]}]},{\"@type\":\"ImageObject\",\"inLanguage\":\"fr-FR\",\"@id\":\"https:\\\/\\\/www.tournus.com\\\/de\\\/unsere-produkte\\\/heizmobel\\\/#primaryimage\",\"url\":\"https:\\\/\\\/www.tournus.com\\\/de\\\/wp-content\\\/uploads\\\/sites\\\/4\\\/2015\\\/01\\\/vignette-meuble-chauffant-avec-interieur-chauffant-504656-tournus-300x300-1.jpg\",\"contentUrl\":\"https:\\\/\\\/www.tournus.com\\\/de\\\/wp-content\\\/uploads\\\/sites\\\/4\\\/2015\\\/01\\\/vignette-meuble-chauffant-avec-interieur-chauffant-504656-tournus-300x300-1.jpg\",\"width\":300,\"height\":300},{\"@type\":\"BreadcrumbList\",\"@id\":\"https:\\\/\\\/www.tournus.com\\\/de\\\/unsere-produkte\\\/heizmobel\\\/#breadcrumb\",\"itemListElement\":[{\"@type\":\"ListItem\",\"position\":1,\"name\":\"Startseite\",\"item\":\"https:\\\/\\\/www.tournus.com\\\/de\\\/\"},{\"@type\":\"ListItem\",\"position\":2,\"name\":\"Unsere Produkte\",\"item\":\"https:\\\/\\\/www.tournus.com\\\/de\\\/unsere-produkte\\\/\"},{\"@type\":\"ListItem\",\"position\":3,\"name\":\"Edelstahlm\u00f6bel\",\"item\":\"https:\\\/\\\/www.tournus.com\\\/de\\\/produkte\\\/edelstahlmobel\\\/\"},{\"@type\":\"ListItem\",\"position\":4,\"name\":\"Heizm\u00f6bel\"}]},{\"@type\":\"WebSite\",\"@id\":\"https:\\\/\\\/www.tournus.com\\\/de\\\/#website\",\"url\":\"https:\\\/\\\/www.tournus.com\\\/de\\\/\",\"name\":\"Tournus Equipement DE\",\"description\":\"Fabricant Fran\u00e7ais pour la restauration &amp; le commerce alimentaire\",\"potentialAction\":[{\"@type\":\"SearchAction\",\"target\":{\"@type\":\"EntryPoint\",\"urlTemplate\":\"https:\\\/\\\/www.tournus.com\\\/de\\\/?s={search_term_string}\"},\"query-input\":{\"@type\":\"PropertyValueSpecification\",\"valueRequired\":true,\"valueName\":\"search_term_string\"}}],\"inLanguage\":\"fr-FR\"}]}<\/script>\n<!-- \/ Yoast SEO plugin. -->","yoast_head_json":{"title":"Heizm\u00f6bel | Tournus Equipement DE","description":"Entdecken Sie unsere gesamte Kollektion an beheizten M\u00f6beln auf der Website von Tournus \u00c9quipement, dem Experten f\u00fcr Edelstahlm\u00f6bel in Frankreich","robots":{"index":"index","follow":"follow","max-snippet":"max-snippet:-1","max-image-preview":"max-image-preview:large","max-video-preview":"max-video-preview:-1"},"canonical":"https:\/\/www.tournus.com\/de\/unsere-produkte\/heizmobel\/","og_locale":"fr_FR","og_type":"article","og_title":"Heizm\u00f6bel | Tournus Equipement DE","og_description":"Entdecken Sie unsere gesamte Kollektion an beheizten M\u00f6beln auf der Website von Tournus \u00c9quipement, dem Experten f\u00fcr Edelstahlm\u00f6bel in Frankreich","og_url":"https:\/\/www.tournus.com\/de\/unsere-produkte\/heizmobel\/","og_site_name":"Tournus Equipement DE","article_publisher":"https:\/\/www.facebook.com\/tournusfr","article_modified_time":"2025-02-05T13:39:48+00:00","og_image":[{"width":300,"height":300,"url":"https:\/\/www.tournus.com\/de\/wp-content\/uploads\/sites\/4\/2015\/01\/vignette-meuble-chauffant-avec-interieur-chauffant-504656-tournus-300x300-1.jpg","type":"image\/jpeg"}],"twitter_card":"summary_large_image","twitter_misc":{"Dur\u00e9e de lecture estim\u00e9e":"2 minutes"},"schema":{"@context":"https:\/\/schema.org","@graph":[{"@type":"WebPage","@id":"https:\/\/www.tournus.com\/de\/unsere-produkte\/heizmobel\/","url":"https:\/\/www.tournus.com\/de\/unsere-produkte\/heizmobel\/","name":"Heizm\u00f6bel | Tournus Equipement DE","isPartOf":{"@id":"https:\/\/www.tournus.com\/de\/#website"},"primaryImageOfPage":{"@id":"https:\/\/www.tournus.com\/de\/unsere-produkte\/heizmobel\/#primaryimage"},"image":{"@id":"https:\/\/www.tournus.com\/de\/unsere-produkte\/heizmobel\/#primaryimage"},"thumbnailUrl":"https:\/\/www.tournus.com\/de\/wp-content\/uploads\/sites\/4\/2015\/01\/vignette-meuble-chauffant-avec-interieur-chauffant-504656-tournus-300x300-1.jpg","datePublished":"2015-04-28T11:05:59+00:00","dateModified":"2025-02-05T13:39:48+00:00","description":"Entdecken Sie unsere gesamte Kollektion an beheizten M\u00f6beln auf der Website von Tournus \u00c9quipement, dem Experten f\u00fcr Edelstahlm\u00f6bel in Frankreich","breadcrumb":{"@id":"https:\/\/www.tournus.com\/de\/unsere-produkte\/heizmobel\/#breadcrumb"},"inLanguage":"fr-FR","potentialAction":[{"@type":"ReadAction","target":["https:\/\/www.tournus.com\/de\/unsere-produkte\/heizmobel\/"]}]},{"@type":"ImageObject","inLanguage":"fr-FR","@id":"https:\/\/www.tournus.com\/de\/unsere-produkte\/heizmobel\/#primaryimage","url":"https:\/\/www.tournus.com\/de\/wp-content\/uploads\/sites\/4\/2015\/01\/vignette-meuble-chauffant-avec-interieur-chauffant-504656-tournus-300x300-1.jpg","contentUrl":"https:\/\/www.tournus.com\/de\/wp-content\/uploads\/sites\/4\/2015\/01\/vignette-meuble-chauffant-avec-interieur-chauffant-504656-tournus-300x300-1.jpg","width":300,"height":300},{"@type":"BreadcrumbList","@id":"https:\/\/www.tournus.com\/de\/unsere-produkte\/heizmobel\/#breadcrumb","itemListElement":[{"@type":"ListItem","position":1,"name":"Startseite","item":"https:\/\/www.tournus.com\/de\/"},{"@type":"ListItem","position":2,"name":"Unsere Produkte","item":"https:\/\/www.tournus.com\/de\/unsere-produkte\/"},{"@type":"ListItem","position":3,"name":"Edelstahlm\u00f6bel","item":"https:\/\/www.tournus.com\/de\/produkte\/edelstahlmobel\/"},{"@type":"ListItem","position":4,"name":"Heizm\u00f6bel"}]},{"@type":"WebSite","@id":"https:\/\/www.tournus.com\/de\/#website","url":"https:\/\/www.tournus.com\/de\/","name":"Tournus Equipement DE","description":"Fabricant Fran\u00e7ais pour la restauration &amp; le commerce alimentaire","potentialAction":[{"@type":"SearchAction","target":{"@type":"EntryPoint","urlTemplate":"https:\/\/www.tournus.com\/de\/?s={search_term_string}"},"query-input":{"@type":"PropertyValueSpecification","valueRequired":true,"valueName":"search_term_string"}}],"inLanguage":"fr-FR"}]}},"_links":{"self":[{"href":"https:\/\/www.tournus.com\/de\/wp-json\/wp\/v2\/produit\/334","targetHints":{"allow":["GET"]}}],"collection":[{"href":"https:\/\/www.tournus.com\/de\/wp-json\/wp\/v2\/produit"}],"about":[{"href":"https:\/\/www.tournus.com\/de\/wp-json\/wp\/v2\/types\/produit"}],"author":[{"embeddable":true,"href":"https:\/\/www.tournus.com\/de\/wp-json\/wp\/v2\/users\/1"}],"replies":[{"embeddable":true,"href":"https:\/\/www.tournus.com\/de\/wp-json\/wp\/v2\/comments?post=334"}],"version-history":[{"count":17,"href":"https:\/\/www.tournus.com\/de\/wp-json\/wp\/v2\/produit\/334\/revisions"}],"predecessor-version":[{"id":16654,"href":"https:\/\/www.tournus.com\/de\/wp-json\/wp\/v2\/produit\/334\/revisions\/16654"}],"wp:featuredmedia":[{"embeddable":true,"href":"https:\/\/www.tournus.com\/de\/wp-json\/wp\/v2\/media\/3806"}],"wp:attachment":[{"href":"https:\/\/www.tournus.com\/de\/wp-json\/wp\/v2\/media?parent=334"}],"wp:term":[{"taxonomy":"categories_produits","embeddable":true,"href":"https:\/\/www.tournus.com\/de\/wp-json\/wp\/v2\/categories_produits?post=334"}],"curies":[{"name":"wp","href":"https:\/\/api.w.org\/{rel}","templated":true}]}}